{"id":19466,"date":"2020-07-23T13:30:36","date_gmt":"2020-07-23T16:30:36","guid":{"rendered":"https:\/\/abix.com.br\/locacao-de-radio-comunicador-em-rio-de-janeiro\/"},"modified":"2023-10-19T16:01:44","modified_gmt":"2023-10-19T19:01:44","slug":"locacao-de-radio-comunicador-em-rio-de-janeiro","status":"publish","type":"page","link":"https:\/\/abix.com.br\/es\/locacao-de-radio-comunicador-em-rio-de-janeiro\/","title":{"rendered":"Ubicaci\u00f3n R\u00edo de Janeiro"},"content":{"rendered":"\n\t<section class=\"section paginas-internas\" id=\"section_160535670\">\n\t\t<div class=\"section-bg fill\" >\n\t\t\t\t\t\t\t\t\t\n\t\t\t\n\n\t\t<\/div>\n\n\t\t\n\n\t\t<div class=\"section-content relative\">\n\t\t\t\n<div class=\"row\"  id=\"row-69140739\">\n\n\t<div id=\"col-436703453\" class=\"col small-12 large-12\"  >\n\t\t\t\t<div class=\"col-inner\"  >\n\t\t\t\n\t\t\t\n<h1 style=\"text-align: center;\">UBICACI\u00d3N RIO DE JANEIRO<\/h1>\n\t\t<\/div>\n\t\t\t\t\t<\/div>\n\n\t\n<\/div>\n\t\t<\/div>\n\n\t\t\n<style>\n#section_160535670 {\n  padding-top: 70px;\n  padding-bottom: 70px;\n}\n<\/style>\n\t<\/section>\n\t\n\n\t<section class=\"section\" id=\"section_2049797147\">\n\t\t<div class=\"section-bg fill\" >\n\t\t\t\t\t\t\t\t\t\n\t\t\t\n\n\t\t<\/div>\n\n\t\t\n\n\t\t<div class=\"section-content relative\">\n\t\t\t\n<div class=\"row\"  id=\"row-438664848\">\n\n\t<div id=\"col-1880710978\" class=\"col small-12 large-12\"  >\n\t\t\t\t<div class=\"col-inner\"  >\n\t\t\t\n\t\t\t\n\t<div class=\"img has-hover x md-x lg-x y md-y lg-y\" id=\"image_1062111431\">\n\t\t\t\t\t\t\t\t<div class=\"img-inner dark\" >\n\t\t\t<img decoding=\"async\" width=\"1199\" height=\"414\" src=\"https:\/\/abix.com.br\/wp-content\/uploads\/2020\/07\/niteroifoto.jpg\" class=\"attachment-original size-original\" alt=\"\" srcset=\"https:\/\/abix.com.br\/wp-content\/uploads\/2020\/07\/niteroifoto.jpg 1199w, https:\/\/abix.com.br\/wp-content\/uploads\/2020\/07\/niteroifoto-600x207.jpg 600w, https:\/\/abix.com.br\/wp-content\/uploads\/2020\/07\/niteroifoto-300x104.jpg 300w, https:\/\/abix.com.br\/wp-content\/uploads\/2020\/07\/niteroifoto-1024x354.jpg 1024w, https:\/\/abix.com.br\/wp-content\/uploads\/2020\/07\/niteroifoto-768x265.jpg 768w\" sizes=\"(max-width: 1199px) 100vw, 1199px\" \/>\t\t\t\t\t\t\n\t\t\t\t\t<\/div>\n\t\t\t\t\t\t\t\t\n<style>\n#image_1062111431 {\n  width: 100%;\n}\n<\/style>\n\t<\/div>\n\t\n\t\t<\/div>\n\t\t\t\t\t<\/div>\n\n\t\n<\/div>\n<div class=\"row\"  id=\"row-242401127\">\n\n\t<div id=\"col-1656030136\" class=\"col medium-6 small-12 large-6\"  >\n\t\t\t\t<div class=\"col-inner\"  >\n\t\t\t\n\t\t\t\n<p>Situado entre el puente R\u00edo-Niter\u00f3i y la estaci\u00f3n de ferry que lleva al centro de R\u00edo para un acceso r\u00e1pido a los clientes de alquiler de radios en R\u00edo de Janeiro, Duque de Caxias, Volta Redonda y Resende. <a href=\"https:\/\/abix.com.br\/es\/\">Abix<\/a> tambi\u00e9n alquila radiocomunicadores <span class=\"gmail_default\">para puertos y marinas <\/span>de Angra dos Reis<span class=\"gmail_default\"> e <\/span>Itagua\u00ed.<span class=\"gmail_default\"> <\/span>. Abix tambi\u00e9n alquila radios en grandes eventos como Rock in Rio, Games XP, FIFA y muchos otros.<\/p>\n\t\t<\/div>\n\t\t\t\t\t<\/div>\n\n\t\n\n\t<div id=\"col-609256652\" class=\"col medium-6 small-12 large-6\"  >\n\t\t\t\t<div class=\"col-inner\"  >\n\t\t\t\n\t\t\t\n<h2>TECNOLOG\u00cdA ABIX<br \/><strong>EN NITER\u00d3I<\/strong><\/h2>\n<ul>\n<li style=\"list-style-type: none;\">\n<ul>\n<li>Rua S\u00e3o Sebasti\u00e3o 18, 12\u00aa planta<br \/>Habitaci\u00f3n 1201 &#8211; Ing\u00e1 &#8211; Niter\u00f3i\/RJ<br \/>C\u00d3DIGO POSTAL: 24210-110<\/li>\n<li><a href=\"tel:2135044000\">Tel\u00e9fono: (21) 3504-4000 | Fax: (21) 3504-4001<\/a><\/li>\n<\/ul>\n<\/li>\n<\/ul>\n<a href=\"https:\/\/goo.gl\/maps\/yu4mcBSEdpiX5ei67\" target=\"_blank\" class=\"button primary btn-homr\" rel=\"noopener\"  >\n\t\t<span>M\u00c1S DETALLES\/VER MAPA<\/span>\n\t<\/a>\n\n\t\t<\/div>\n\t\t\t\t\t<\/div>\n\n\t\n<\/div>\n\t\t<\/div>\n\n\t\t\n<style>\n#section_2049797147 {\n  padding-top: 30px;\n  padding-bottom: 30px;\n}\n<\/style>\n\t<\/section>\n\t\n\n\t<section class=\"section\" id=\"section_852286349\">\n\t\t<div class=\"section-bg fill\" >\n\t\t\t\t\t\t\t\t\t\n\t\t\t\n\n\t\t<\/div>\n\n\t\t\n\n\t\t<div class=\"section-content relative\">\n\t\t\t\n<div class=\"row row-collapse row-full-width\"  id=\"row-1660933998\">\n\n\t<div id=\"col-608376230\" class=\"col large-12\"  >\n\t\t\t\t<div class=\"col-inner\"  >\n\t\t\t\n\t\t\t\n\n<p><iframe src=\"https:\/\/www.google.com\/maps\/embed?pb=!1m18!1m12!1m3!1d3675.394576123694!2d-43.1235888!3d-22.898812799999998!2m3!1f0!2f0!3f0!3m2!1i1024!2i768!4f13.1!3m3!1m2!1s0x9be47a6adca473%3A0x2050638b5f0d9a18!2sAbix%20Tecnologia!5e0!3m2!1spt-BR!2sbr!4v1694691141510!5m2!1spt-BR!2sbr\" width=\"100%\" height=\"600\" style=\"border:0;\" allowfullscreen=\"\" loading=\"lazy\" referrerpolicy=\"no-referrer-when-downgrade\"><\/iframe><br \/>\n\n\t\t<\/div>\n\t\t\t\t\t<\/div>\n\n\t\n<\/div>\n\t\t<\/div>\n\n\t\t\n<style>\n#section_852286349 {\n  padding-top: 0px;\n  padding-bottom: 0px;\n}\n<\/style>\n\t<\/section>\n\t\n","protected":false},"excerpt":{"rendered":"","protected":false},"author":1,"featured_media":0,"parent":0,"menu_order":0,"comment_status":"closed","ping_status":"closed","template":"page-blank.php","meta":{"footnotes":""},"class_list":["post-19466","page","type-page","status-publish","hentry"],"yoast_head":"<!-- This site is optimized with the Yoast SEO plugin v27.4 - https:\/\/yoast.com\/product\/yoast-seo-wordpress\/ -->\n<title>Alquiler de radiocomunicadores en R\u00edo de Janeiro - Abix<\/title>\n<meta name=\"description\" content=\"Alquiler de radio comunicador en Rio de Janeiro - Rua S\u00e3o Sebasti\u00e3o 18, 12\u00ba andarSala 1201 - Ing\u00e1 - Niter\u00f3i\/RJ - Abix Tecnologia\" \/>\n<meta name=\"robots\" content=\"index, follow, max-snippet:-1, max-image-preview:large, max-video-preview:-1\" \/>\n<link rel=\"canonical\" href=\"https:\/\/abix.com.br\/locacao-de-radio-comunicador-em-rio-de-janeiro\/\" \/>\n<meta property=\"og:locale\" content=\"es_ES\" \/>\n<meta property=\"og:type\" content=\"article\" \/>\n<meta property=\"og:title\" content=\"Alquiler de radiocomunicadores en R\u00edo de Janeiro - Abix\" \/>\n<meta property=\"og:description\" content=\"Alquiler de radio comunicador en Rio de Janeiro - Rua S\u00e3o Sebasti\u00e3o 18, 12\u00ba andarSala 1201 - Ing\u00e1 - Niter\u00f3i\/RJ - Abix Tecnologia\" \/>\n<meta property=\"og:url\" content=\"https:\/\/abix.com.br\/locacao-de-radio-comunicador-em-rio-de-janeiro\/\" \/>\n<meta property=\"og:site_name\" content=\"Abix\" \/>\n<meta property=\"article:modified_time\" content=\"2023-10-19T19:01:44+00:00\" \/>\n<meta name=\"twitter:card\" content=\"summary_large_image\" \/>\n<meta name=\"twitter:label1\" content=\"Tiempo de lectura\" \/>\n\t<meta name=\"twitter:data1\" content=\"1 minuto\" \/>\n<script type=\"application\/ld+json\" class=\"yoast-schema-graph\">{\"@context\":\"https:\\\/\\\/schema.org\",\"@graph\":[{\"@type\":\"WebPage\",\"@id\":\"https:\\\/\\\/abix.com.br\\\/locacao-de-radio-comunicador-em-rio-de-janeiro\\\/\",\"url\":\"https:\\\/\\\/abix.com.br\\\/locacao-de-radio-comunicador-em-rio-de-janeiro\\\/\",\"name\":\"Alquiler de radiocomunicadores en R\u00edo de Janeiro - Abix\",\"isPartOf\":{\"@id\":\"https:\\\/\\\/abix.com.br\\\/#website\"},\"datePublished\":\"2020-07-23T16:30:36+00:00\",\"dateModified\":\"2023-10-19T19:01:44+00:00\",\"description\":\"Alquiler de radio comunicador en Rio de Janeiro - Rua S\u00e3o Sebasti\u00e3o 18, 12\u00ba andarSala 1201 - Ing\u00e1 - Niter\u00f3i\\\/RJ - Abix Tecnologia\",\"breadcrumb\":{\"@id\":\"https:\\\/\\\/abix.com.br\\\/locacao-de-radio-comunicador-em-rio-de-janeiro\\\/#breadcrumb\"},\"inLanguage\":\"es\",\"potentialAction\":[{\"@type\":\"ReadAction\",\"target\":[\"https:\\\/\\\/abix.com.br\\\/locacao-de-radio-comunicador-em-rio-de-janeiro\\\/\"]}]},{\"@type\":\"BreadcrumbList\",\"@id\":\"https:\\\/\\\/abix.com.br\\\/locacao-de-radio-comunicador-em-rio-de-janeiro\\\/#breadcrumb\",\"itemListElement\":[{\"@type\":\"ListItem\",\"position\":1,\"name\":\"In\u00edcio\",\"item\":\"https:\\\/\\\/abix.com.br\\\/es\\\/\"},{\"@type\":\"ListItem\",\"position\":2,\"name\":\"Ubicaci\u00f3n R\u00edo de Janeiro\"}]},{\"@type\":\"WebSite\",\"@id\":\"https:\\\/\\\/abix.com.br\\\/#website\",\"url\":\"https:\\\/\\\/abix.com.br\\\/\",\"name\":\"Abix\",\"description\":\"\",\"potentialAction\":[{\"@type\":\"SearchAction\",\"target\":{\"@type\":\"EntryPoint\",\"urlTemplate\":\"https:\\\/\\\/abix.com.br\\\/?s={search_term_string}\"},\"query-input\":{\"@type\":\"PropertyValueSpecification\",\"valueRequired\":true,\"valueName\":\"search_term_string\"}}],\"inLanguage\":\"es\"}]}<\/script>\n<!-- \/ Yoast SEO plugin. -->","yoast_head_json":{"title":"Alquiler de radiocomunicadores en R\u00edo de Janeiro - Abix","description":"Alquiler de radio comunicador en Rio de Janeiro - Rua S\u00e3o Sebasti\u00e3o 18, 12\u00ba andarSala 1201 - Ing\u00e1 - Niter\u00f3i\/RJ - Abix Tecnologia","robots":{"index":"index","follow":"follow","max-snippet":"max-snippet:-1","max-image-preview":"max-image-preview:large","max-video-preview":"max-video-preview:-1"},"canonical":"https:\/\/abix.com.br\/locacao-de-radio-comunicador-em-rio-de-janeiro\/","og_locale":"es_ES","og_type":"article","og_title":"Alquiler de radiocomunicadores en R\u00edo de Janeiro - Abix","og_description":"Alquiler de radio comunicador en Rio de Janeiro - Rua S\u00e3o Sebasti\u00e3o 18, 12\u00ba andarSala 1201 - Ing\u00e1 - Niter\u00f3i\/RJ - Abix Tecnologia","og_url":"https:\/\/abix.com.br\/locacao-de-radio-comunicador-em-rio-de-janeiro\/","og_site_name":"Abix","article_modified_time":"2023-10-19T19:01:44+00:00","twitter_card":"summary_large_image","twitter_misc":{"Tiempo de lectura":"1 minuto"},"schema":{"@context":"https:\/\/schema.org","@graph":[{"@type":"WebPage","@id":"https:\/\/abix.com.br\/locacao-de-radio-comunicador-em-rio-de-janeiro\/","url":"https:\/\/abix.com.br\/locacao-de-radio-comunicador-em-rio-de-janeiro\/","name":"Alquiler de radiocomunicadores en R\u00edo de Janeiro - Abix","isPartOf":{"@id":"https:\/\/abix.com.br\/#website"},"datePublished":"2020-07-23T16:30:36+00:00","dateModified":"2023-10-19T19:01:44+00:00","description":"Alquiler de radio comunicador en Rio de Janeiro - Rua S\u00e3o Sebasti\u00e3o 18, 12\u00ba andarSala 1201 - Ing\u00e1 - Niter\u00f3i\/RJ - Abix Tecnologia","breadcrumb":{"@id":"https:\/\/abix.com.br\/locacao-de-radio-comunicador-em-rio-de-janeiro\/#breadcrumb"},"inLanguage":"es","potentialAction":[{"@type":"ReadAction","target":["https:\/\/abix.com.br\/locacao-de-radio-comunicador-em-rio-de-janeiro\/"]}]},{"@type":"BreadcrumbList","@id":"https:\/\/abix.com.br\/locacao-de-radio-comunicador-em-rio-de-janeiro\/#breadcrumb","itemListElement":[{"@type":"ListItem","position":1,"name":"In\u00edcio","item":"https:\/\/abix.com.br\/es\/"},{"@type":"ListItem","position":2,"name":"Ubicaci\u00f3n R\u00edo de Janeiro"}]},{"@type":"WebSite","@id":"https:\/\/abix.com.br\/#website","url":"https:\/\/abix.com.br\/","name":"Abix","description":"","potentialAction":[{"@type":"SearchAction","target":{"@type":"EntryPoint","urlTemplate":"https:\/\/abix.com.br\/?s={search_term_string}"},"query-input":{"@type":"PropertyValueSpecification","valueRequired":true,"valueName":"search_term_string"}}],"inLanguage":"es"}]}},"_links":{"self":[{"href":"https:\/\/abix.com.br\/es\/wp-json\/wp\/v2\/pages\/19466","targetHints":{"allow":["GET"]}}],"collection":[{"href":"https:\/\/abix.com.br\/es\/wp-json\/wp\/v2\/pages"}],"about":[{"href":"https:\/\/abix.com.br\/es\/wp-json\/wp\/v2\/types\/page"}],"author":[{"embeddable":true,"href":"https:\/\/abix.com.br\/es\/wp-json\/wp\/v2\/users\/1"}],"replies":[{"embeddable":true,"href":"https:\/\/abix.com.br\/es\/wp-json\/wp\/v2\/comments?post=19466"}],"version-history":[{"count":4,"href":"https:\/\/abix.com.br\/es\/wp-json\/wp\/v2\/pages\/19466\/revisions"}],"predecessor-version":[{"id":19474,"href":"https:\/\/abix.com.br\/es\/wp-json\/wp\/v2\/pages\/19466\/revisions\/19474"}],"wp:attachment":[{"href":"https:\/\/abix.com.br\/es\/wp-json\/wp\/v2\/media?parent=19466"}],"curies":[{"name":"wp","href":"https:\/\/api.w.org\/{rel}","templated":true}]}}